{"id":94,"date":"2026-09-04T15:24:17","date_gmt":"2026-09-04T12:24:17","guid":{"rendered":"https:\/\/kabrim.net\/mezar-bakimi\/?page_id=94"},"modified":"2026-09-04T15:24:17","modified_gmt":"2026-09-04T12:24:17","slug":"toprak-atimi","status":"publish","type":"page","link":"https:\/\/kabrim.net\/mezar-bakimi\/toprak-atimi\/","title":{"rendered":"Toprak At\u0131m\u0131"},"content":{"rendered":"\n<p class=\"wp-block-paragraph\">Zaman i\u00e7erisinde azalan, \u00e7\u00f6ken veya \u00f6zelli\u011fini kaybeden mezar topra\u011f\u0131n\u0131 yenileyerek mezar alan\u0131n\u0131n daha d\u00fczenli g\u00f6r\u00fcnmesini sa\u011fl\u0131yoruz. <\/p>\n\n\n\n<p class=\"wp-block-paragraph\">Uygun miktarda yeni toprak ilavesi yap\u0131l\u0131r, y\u00fczey d\u00fczeltilir ve mezar\u0131n genel g\u00f6r\u00fcn\u00fcm\u00fc yeniden d\u00fczenlenir. Talep halinde i\u015flem sonras\u0131nda \u00e7i\u00e7ek dikimi de yap\u0131labilir.<\/p>\n","protected":false},"excerpt":{"rendered":"<p>Zaman i\u00e7erisinde azalan, \u00e7\u00f6ken veya \u00f6zelli\u011fini kaybeden mezar topra\u011f\u0131n\u0131 yenileyerek mezar alan\u0131n\u0131n daha d\u00fczenli g\u00f6r\u00fcnmesini sa\u011fl\u0131yoruz. Uygun miktarda yeni toprak ilavesi yap\u0131l\u0131r, y\u00fczey d\u00fczeltilir ve mezar\u0131n genel g\u00f6r\u00fcn\u00fcm\u00fc yeniden d\u00fczenlenir. Talep halinde i\u015flem sonras\u0131nda \u00e7i\u00e7ek dikimi de yap\u0131labilir.<\/p>\n","protected":false},"author":2,"featured_media":0,"parent":0,"menu_order":0,"comment_status":"closed","ping_status":"closed","template":"","meta":{"footnotes":""},"class_list":["post-94","page","type-page","status-publish","hentry"],"_links":{"self":[{"href":"https:\/\/kabrim.net\/mezar-bakimi\/wp-json\/wp\/v2\/pages\/94","targetHints":{"allow":["GET"]}}],"collection":[{"href":"https:\/\/kabrim.net\/mezar-bakimi\/wp-json\/wp\/v2\/pages"}],"about":[{"href":"https:\/\/kabrim.net\/mezar-bakimi\/wp-json\/wp\/v2\/types\/page"}],"author":[{"embeddable":true,"href":"https:\/\/kabrim.net\/mezar-bakimi\/wp-json\/wp\/v2\/users\/2"}],"replies":[{"embeddable":true,"href":"https:\/\/kabrim.net\/mezar-bakimi\/wp-json\/wp\/v2\/comments?post=94"}],"version-history":[{"count":1,"href":"https:\/\/kabrim.net\/mezar-bakimi\/wp-json\/wp\/v2\/pages\/94\/revisions"}],"predecessor-version":[{"id":95,"href":"https:\/\/kabrim.net\/mezar-bakimi\/wp-json\/wp\/v2\/pages\/94\/revisions\/95"}],"wp:attachment":[{"href":"https:\/\/kabrim.net\/mezar-bakimi\/wp-json\/wp\/v2\/media?parent=94"}],"curies":[{"name":"wp","href":"https:\/\/api.w.org\/{rel}","templated":true}]}}